{"id":13175,"date":"2024-12-09T11:07:16","date_gmt":"2024-12-09T14:07:16","guid":{"rendered":"https:\/\/sergiomercurio.com.ar\/web\/?page_id=13175"},"modified":"2025-04-07T09:51:44","modified_gmt":"2025-04-07T12:51:44","slug":"nos-estavamos-ali-2024","status":"publish","type":"page","link":"https:\/\/sergiomercurio.com.ar\/web\/nos-estavamos-ali-2024\/","title":{"rendered":"Nos Est\u00e1vamos ali (2024)"},"content":{"rendered":"\n<div class=\"wp-block-columns eplus-wrapper is-layout-flex wp-container-core-columns-is-layout-28f84493 wp-block-columns-is-layout-flex\">\n<div class=\"wp-block-column eplus-wrapper is-layout-flow wp-block-column-is-layout-flow\">\n<figure class=\" wp-block-image size-large eplus-wrapper\"><img fetchpriority=\"high\" decoding=\"async\" width=\"819\" height=\"1024\" src=\"https:\/\/sergiomercurio.com.ar\/web\/wp-content\/uploads\/2024\/12\/nos-estavamos-ali-819x1024.jpg\" alt=\"\" class=\"wp-image-13176 no-lazyload\" srcset=\"https:\/\/sergiomercurio.com.ar\/web\/wp-content\/uploads\/2024\/12\/nos-estavamos-ali-819x1024.jpg 819w, https:\/\/sergiomercurio.com.ar\/web\/wp-content\/uploads\/2024\/12\/nos-estavamos-ali-480x600.jpg 480w, https:\/\/sergiomercurio.com.ar\/web\/wp-content\/uploads\/2024\/12\/nos-estavamos-ali-768x960.jpg 768w, https:\/\/sergiomercurio.com.ar\/web\/wp-content\/uploads\/2024\/12\/nos-estavamos-ali.jpg 1080w\" sizes=\"(max-width: 819px) 100vw, 819px\" \/><\/figure>\n<\/div>\n\n\n\n<div class=\"wp-block-column eplus-wrapper is-layout-flow wp-block-column-is-layout-flow\">\n<p class=\" has-drop-cap has-normal-font-size eplus-wrapper\">Documetal sobre la resistencia guarani en las misiones Jesu\u00edticas luego de la firma del Tratado de Madrid en 1750<\/p>\n\n\n\n<p class=\" eplus-wrapper\"><\/p>\n\n\n\n<p class=\" has-normal-font-size eplus-wrapper\"><\/p>\n\n\n\n<p class=\" eplus-wrapper\">Gui\u00f3n y Direcci\u00f3n : Sergio Mercurio<\/p>\n\n\n\n<p class=\" eplus-wrapper\">Assistente de dire\u00e7\u00e3o Guilherme Freitas<br><br>Edi\u00e7\u00e3o Sergio Mercurio, Guilherme Freitas e Tain\u00e1 Orsi<br><br>Ilustra\u00e7\u00f5es Guilherme Freitas<br><br>Anima\u00e7\u00e3o Guilherme Freitas e Tain\u00e1 Orsi<br><br>Participa\u00e7\u00e3o<br>Tau Golin<br>Jos\u00e9 Roberto de Oliveira<br>Eduardo Bueno<br>Carlos Paz<br>Guillaume Candela<\/p>\n\n\n\n<p class=\" eplus-wrapper\">Voz da Crian\u00e7a<br>Talita Moreira Barbosa Kunhatain Keretchu<\/p>\n\n\n\n<p class=\" eplus-wrapper\">Assessoria Guarani e Tradu\u00e7\u00e3o<br>Carlos da Silva Whera Poty<br>Katia Moreira Takua Nhendyvydju<\/p>\n\n\n\n<p class=\" eplus-wrapper\">Trilha Sonora<br>Guilhermo Santiago<br>Coral Vvytchi Ovy<\/p>\n\n\n\n<p class=\" eplus-wrapper\">Produ\u00e7\u00e3o<br>Tain\u00e1 Orsi<\/p>\n\n\n\n<p class=\" eplus-wrapper\">Duraci\u00f3n :36 minuto<\/p>\n<\/div>\n<\/div>\n\n\n\n<div class=\"wp-block-columns eplus-wrapper is-layout-flex wp-container-core-columns-is-layout-28f84493 wp-block-columns-is-layout-flex\">\n<div class=\"wp-block-column eplus-wrapper is-layout-flow wp-block-column-is-layout-flow\" style=\"flex-basis:33.33%\">\n<p class=\" eplus-wrapper\">Ni\u00f1os Guaranies en \u00bb Aldea Feliz\u00bb Santa  Catarina- Brasil<\/p>\n\n\n\n<p class=\" eplus-wrapper\"><\/p>\n<\/div>\n\n\n\n<div class=\"wp-block-column eplus-wrapper is-layout-flow wp-block-column-is-layout-flow\" style=\"flex-basis:66.66%\"><\/div>\n<\/div>\n\n\n\n<figure class=\"wp-block-gallery has-nested-images columns-default is-cropped eplus-wrapper wp-block-gallery-1 is-layout-flex wp-block-gallery-is-layout-flex\"><figcaption class=\"blocks-gallery-caption wp-element-caption\">Fotograf\u00edas Pablo Gonz\u00e1lez<\/figcaption><\/figure>\n\n\n\n<p class=\" eplus-wrapper\"><\/p>\n\n\n\n<figure class=\" wp-block-image size-full eplus-wrapper\"><img decoding=\"async\" src=\"https:\/\/sergiomercurio.com.ar\/web\/wp-content\/uploads\/2024\/12\/IMG_2211.heic\" alt=\"\" class=\"wp-image-13179 no-lazyload\"\/><\/figure>\n\n\n\n<p class=\" eplus-wrapper\">Imagen \u00abAldea Feliz\u00bb Santa Catarina<\/p>\n\n\n\n<p class=\" eplus-wrapper\">VER DOCUMENTAL COMPLETO<\/p>\n\n\n\n<figure class=\"wp-embed-aspect-16-9 wp-has-aspect-ratio wp-block-embed is-type-video is-provider-youtube wp-block-embed-youtube eplus-wrapper\"><div class=\"wp-block-embed__wrapper\">\n<iframe title=\"Nos Est\u00e1vamos ali  (Nos est\u00e1bamos ah\u00ed)\" width=\"800\" height=\"450\" src=\"https:\/\/www.youtube.com\/embed\/pbd7aOxtmi8?feature=oembed\" frameborder=\"0\" allow=\"accelerometer; autoplay; clipboard-write; encrypted-media; gyroscope; picture-in-picture; web-share\" referrerpolicy=\"strict-origin-when-cross-origin\" allowfullscreen><\/iframe>\n<\/div><\/figure>\n","protected":false},"excerpt":{"rendered":"<p>Documetal sobre la resistencia guarani en las misiones Jesu\u00edticas luego de la firma del Tratado de Madrid en 1750 Gui\u00f3n y Direcci\u00f3n : Sergio Mercurio Assistente de dire\u00e7\u00e3o Guilherme Freitas Edi\u00e7\u00e3o Sergio Mercurio, Guilherme Freitas e Tain\u00e1 Orsi Ilustra\u00e7\u00f5es Guilherme Freitas Anima\u00e7\u00e3o Guilherme Freitas e Tain\u00e1 Orsi Participa\u00e7\u00e3oTau GolinJos\u00e9 Roberto de OliveiraEduardo BuenoCarlos PazGuillaume Candela [&hellip;]<\/p>\n","protected":false},"author":1,"featured_media":13369,"parent":0,"menu_order":0,"comment_status":"closed","ping_status":"closed","template":"","meta":{"ngg_post_thumbnail":0,"footnotes":""},"categories":[687,48],"tags":[681,256,679,686,683,118,680,682,69,684,685],"class_list":["post-13175","page","type-page","status-publish","has-post-thumbnail","hentry","category-documentales","category-portada","tag-cia-guita","tag-documentales-sergio-mercurio","tag-guaranies","tag-guerra-guaraniticas","tag-guilherme-freitas","tag-historia","tag-ninos-guaranies","tag-nos-estavamos-ali","tag-sergio-mercurio","tag-taina-orsi","tag-tratado-de-madrid"],"_links":{"self":[{"href":"https:\/\/sergiomercurio.com.ar\/web\/wp-json\/wp\/v2\/pages\/13175","targetHints":{"allow":["GET"]}}],"collection":[{"href":"https:\/\/sergiomercurio.com.ar\/web\/wp-json\/wp\/v2\/pages"}],"about":[{"href":"https:\/\/sergiomercurio.com.ar\/web\/wp-json\/wp\/v2\/types\/page"}],"author":[{"embeddable":true,"href":"https:\/\/sergiomercurio.com.ar\/web\/wp-json\/wp\/v2\/users\/1"}],"replies":[{"embeddable":true,"href":"https:\/\/sergiomercurio.com.ar\/web\/wp-json\/wp\/v2\/comments?post=13175"}],"version-history":[{"count":0,"href":"https:\/\/sergiomercurio.com.ar\/web\/wp-json\/wp\/v2\/pages\/13175\/revisions"}],"wp:featuredmedia":[{"embeddable":true,"href":"https:\/\/sergiomercurio.com.ar\/web\/wp-json\/wp\/v2\/media\/13369"}],"wp:attachment":[{"href":"https:\/\/sergiomercurio.com.ar\/web\/wp-json\/wp\/v2\/media?parent=13175"}],"wp:term":[{"taxonomy":"category","embeddable":true,"href":"https:\/\/sergiomercurio.com.ar\/web\/wp-json\/wp\/v2\/categories?post=13175"},{"taxonomy":"post_tag","embeddable":true,"href":"https:\/\/sergiomercurio.com.ar\/web\/wp-json\/wp\/v2\/tags?post=13175"}],"curies":[{"name":"wp","href":"https:\/\/api.w.org\/{rel}","templated":true}]}}